{"id":31,"date":"2022-06-15T20:50:00","date_gmt":"2022-06-15T20:50:00","guid":{"rendered":"https:\/\/ascherl.co.at\/?page_id=31"},"modified":"2025-12-28T17:58:56","modified_gmt":"2025-12-28T17:58:56","slug":"dienstleistungen","status":"publish","type":"page","link":"https:\/\/ascherl.co.at\/?page_id=31","title":{"rendered":"Dienstleistungen"},"content":{"rendered":"<div class=\"wp-block-image\">\n<figure class=\"alignright size-full is-resized\"><img loading=\"lazy\" decoding=\"async\" width=\"485\" height=\"589\" src=\"https:\/\/ascherl.co.at\/wp-content\/uploads\/2025\/10\/AA1-Kopie.jpg\" alt=\"Andreas Ascherl\" class=\"wp-image-297\" style=\"aspect-ratio:0.7999897535734413;width:249px;height:auto\" srcset=\"https:\/\/ascherl.co.at\/wp-content\/uploads\/2025\/10\/AA1-Kopie.jpg 485w, https:\/\/ascherl.co.at\/wp-content\/uploads\/2025\/10\/AA1-Kopie-247x300.jpg 247w\" sizes=\"auto, (max-width: 485px) 100vw, 485px\" \/><figcaption class=\"wp-element-caption\">Andreas Ascherl<\/figcaption><\/figure>\n<\/div>\n\n<div class=\"wp-block-image\">\n<figure class=\"alignright is-resized\"><img loading=\"lazy\" decoding=\"async\" width=\"567\" height=\"567\" src=\"https:\/\/ascherl.co.at\/wp-content\/uploads\/2019\/02\/svlogo.jpg\" alt=\"\" class=\"wp-image-202\" style=\"width:196px;height:194px\" srcset=\"https:\/\/ascherl.co.at\/wp-content\/uploads\/2019\/02\/svlogo.jpg 567w, https:\/\/ascherl.co.at\/wp-content\/uploads\/2019\/02\/svlogo-150x150.jpg 150w, https:\/\/ascherl.co.at\/wp-content\/uploads\/2019\/02\/svlogo-300x300.jpg 300w\" sizes=\"auto, (max-width: 567px) 100vw, 567px\" \/><\/figure>\n<\/div>\n\n\n<p style=\"font-size:18px\">T\u00e4tigkeit als externe Sicherheitsfachkraft \/ Fachkraft f\u00fcr Arbeitssicherheit<\/p>\n\n\n\n<p style=\"font-size:18px\">T\u00e4tigkeit als externer Brandschutzbeauftragter <\/p>\n\n\n\n<p style=\"font-size:18px\"><a href=\"https:\/\/justizonline.gv.at\/jop\/web\/exl\/W168391\" data-type=\"URL\" data-id=\"https:\/\/justizonline.gv.at\/jop\/web\/exl\/W168391\">Allgemein beeideter und gerichtlich zertifizierter Sachverst\u00e4ndiger f\u00fcr Technisches Unfallwesen, Arbeitnehmerschutz, Sanit\u00e4tsdienste, Rettungs- und Krankentransport, Katastrophendienste, Ambulanzdienste<\/a><\/p>\n\n\n\n<p style=\"font-size:18px\">Erstellung von Brandschutzkonzepten<\/p>\n\n\n\n<p style=\"font-size:18px\">Erstellung von Explosionsschutzdokumenten<\/p>\n\n\n\n<p style=\"font-size:18px\">Erstellung von Evakuierungs- und Alarmpl\u00e4nen<\/p>\n\n\n\n<p style=\"font-size:18px\">Erstellung von Notfallpl\u00e4nen<\/p>\n\n\n\n<p style=\"font-size:18px\">Erstellung von Sicherheitskonzepten<\/p>\n\n\n\n<p style=\"font-size:18px\">Untersuchung von Unf\u00e4llen und Arbeitsunf\u00e4llen<\/p>\n\n\n\n<p style=\"font-size:18px\">Unterst\u00fctzung bei der Abwicklung von gewerbebeh\u00f6rdlichen Genehmigungsverfahren<\/p>\n\n\n\n<p style=\"font-size:18px\">Durchf\u00fchrung von \u00a782b Pr\u00fcfungen gem\u00e4\u00df der Gewerbeordnung<\/p>\n\n\n\n<p><\/p>\n","protected":false},"excerpt":{"rendered":"<p>T\u00e4tigkeit als externe Sicherheitsfachkraft \/ Fachkraft f\u00fcr Arbeitssicherheit T\u00e4tigkeit als externer Brandschutzbeauftragter Allgemein beeideter und gerichtlich zertifizierter Sachverst\u00e4ndiger f\u00fcr Technisches Unfallwesen, Arbeitnehmerschutz, Sanit\u00e4tsdienste, Rettungs- und Krankentransport, Katastrophendienste, Ambulanzdienste Erstellung von Brandschutzkonzepten Erstellung von Explosionsschutzdokumenten Erstellung von Evakuierungs- und Alarmpl\u00e4nen Erstellung&#8230; <\/p>\n","protected":false},"author":1,"featured_media":0,"parent":0,"menu_order":0,"comment_status":"closed","ping_status":"closed","template":"","meta":{"footnotes":""},"class_list":["post-31","page","type-page","status-publish","hentry"],"_links":{"self":[{"href":"https:\/\/ascherl.co.at\/index.php?rest_route=\/wp\/v2\/pages\/31","targetHints":{"allow":["GET"]}}],"collection":[{"href":"https:\/\/ascherl.co.at\/index.php?rest_route=\/wp\/v2\/pages"}],"about":[{"href":"https:\/\/ascherl.co.at\/index.php?rest_route=\/wp\/v2\/types\/page"}],"author":[{"embeddable":true,"href":"https:\/\/ascherl.co.at\/index.php?rest_route=\/wp\/v2\/users\/1"}],"replies":[{"embeddable":true,"href":"https:\/\/ascherl.co.at\/index.php?rest_route=%2Fwp%2Fv2%2Fcomments&post=31"}],"version-history":[{"count":32,"href":"https:\/\/ascherl.co.at\/index.php?rest_route=\/wp\/v2\/pages\/31\/revisions"}],"predecessor-version":[{"id":308,"href":"https:\/\/ascherl.co.at\/index.php?rest_route=\/wp\/v2\/pages\/31\/revisions\/308"}],"wp:attachment":[{"href":"https:\/\/ascherl.co.at\/index.php?rest_route=%2Fwp%2Fv2%2Fmedia&parent=31"}],"curies":[{"name":"wp","href":"https:\/\/api.w.org\/{rel}","templated":true}]}}