{"id":34,"date":"2019-02-06T20:50:55","date_gmt":"2019-02-06T20:50:55","guid":{"rendered":"https:\/\/ascherl.co.at\/?page_id=34"},"modified":"2025-12-28T17:54:40","modified_gmt":"2025-12-28T17:54:40","slug":"rettungswesen","status":"publish","type":"page","link":"https:\/\/ascherl.co.at\/?page_id=34","title":{"rendered":"Rettungswesen"},"content":{"rendered":"<div class=\"wp-block-image\">\n<figure class=\"alignleft is-resized\"><img loading=\"lazy\" decoding=\"async\" width=\"225\" height=\"225\" src=\"https:\/\/ascherl.co.at\/wp-content\/uploads\/2019\/02\/AMLS.jpg\" alt=\"\" class=\"wp-image-155\" style=\"width:126px;height:126px\" srcset=\"https:\/\/ascherl.co.at\/wp-content\/uploads\/2019\/02\/AMLS.jpg 225w, https:\/\/ascherl.co.at\/wp-content\/uploads\/2019\/02\/AMLS-150x150.jpg 150w\" sizes=\"auto, (max-width: 225px) 100vw, 225px\" \/><\/figure>\n<\/div>\n\n<div class=\"wp-block-image is-resized\">\n<figure class=\"alignright size-full\"><img loading=\"lazy\" decoding=\"async\" width=\"1024\" height=\"1098\" src=\"https:\/\/ascherl.co.at\/wp-content\/uploads\/2025\/12\/2025_Andreas_Ascherl_RK.png\" alt=\"Andreas Ascherl\" class=\"wp-image-304\" style=\"width:200px\" srcset=\"https:\/\/ascherl.co.at\/wp-content\/uploads\/2025\/12\/2025_Andreas_Ascherl_RK.png 1024w, https:\/\/ascherl.co.at\/wp-content\/uploads\/2025\/12\/2025_Andreas_Ascherl_RK-280x300.png 280w, https:\/\/ascherl.co.at\/wp-content\/uploads\/2025\/12\/2025_Andreas_Ascherl_RK-955x1024.png 955w, https:\/\/ascherl.co.at\/wp-content\/uploads\/2025\/12\/2025_Andreas_Ascherl_RK-768x824.png 768w\" sizes=\"auto, (max-width: 1024px) 100vw, 1024px\" \/><figcaption class=\"wp-element-caption\">Andreas Ascherl<\/figcaption><\/figure>\n<\/div>\n\n\n<p style=\"font-size:18px\">Seit 2017 <a href=\"https:\/\/ascherl.co.at\/wp-content\/uploads\/2019\/02\/2017-11-26-NAEMT_AMLS-Ascherl.pdf\">AMLS Advanced Medical Life Support<\/a> bei NAEMT <\/p>\n\n\n\n<p style=\"font-size:18px\">Seit 2010 <a href=\"https:\/\/justizonline.gv.at\/jop\/web\/exl\/W168391\">Allgemein beeideter und gerichtlich zertifizierter Sachverst\u00e4ndiger f\u00fcr das Rettung- und Sanit\u00e4tswesen<\/a><\/p>\n\n\n\n<p style=\"font-size:18px\">Seit 2004 <a href=\"https:\/\/www.roteskreuz.at\/vorarlberg\/landesverband-vorarlberg\/landesrettungskommando\" target=\"_blank\" rel=\"noreferrer noopener\">S3-Einsatzf\u00fchrer im Landesrettungskommando Vorarlberg<\/a><\/p>\n\n\n\n<p style=\"font-size:18px\">Seit 2004 Notfallsanit\u00e4ter mit allgemeiner Notfallkompetenz (NFS-NKV)<\/p>\n\n\n\n<p style=\"font-size:18px\">Von 1999 bis 2007 t\u00e4tig als Flugrettungssanit\u00e4ter auf den Notarzthubschraubern Gallus 2 (Vorarlberg) und <a href=\"https:\/\/www.ara-flugrettung.at\/station-reutte-rk-2\" data-type=\"URL\" data-id=\"https:\/\/www.drf-luftrettung.de\/de\/menschen\/standorte\/station-reutte\" target=\"_blank\" rel=\"noreferrer noopener\">RK-2 (Tirol)<\/a>. Einsatzerfahrung auf den Hubschraubertypen <br><a href=\"https:\/\/en.wikipedia.org\/wiki\/A%C3%A9rospatiale_Alouette_III\">A\u00e9rospatiale SA&nbsp;319&nbsp;Alouette&nbsp;III<\/a> , <a href=\"https:\/\/en.wikipedia.org\/wiki\/Eurocopter_AS350_%C3%89cureuil\">Eurocopter AS 350<\/a>, <a href=\"https:\/\/de.wikipedia.org\/wiki\/B%C3%B6lkow_Bo_105\">B\u00f6lkow Bo 105<\/a>, <a href=\"https:\/\/de.wikipedia.org\/wiki\/MBB\/Kawasaki_BK_117\">Eurocopter BK 117-C1<\/a><\/p>\n\n\n\n<p style=\"font-size:18px\">Seit 1999 Lehrsanit\u00e4ter<\/p>\n\n\n\n<p style=\"font-size:18px\">Seit 1997 Notfallsanit\u00e4ter &#8211; NFS<\/p>\n\n\n\n<p style=\"font-size:18px\">Seit 1989 im Rettungsdienst t\u00e4tig<\/p>\n\n\n\n<figure class=\"wp-block-gallery has-nested-images columns-2 is-cropped wp-block-gallery-1 is-layout-flex wp-block-gallery-is-layout-flex\">\n<figure class=\"wp-block-image size-large\"><img loading=\"lazy\" decoding=\"async\" width=\"1024\" height=\"682\" data-id=\"146\" src=\"https:\/\/ascherl.co.at\/wp-content\/uploads\/2019\/02\/MEDIArt_1706_123940-1024x682.jpg\" alt=\"\" class=\"wp-image-146\" srcset=\"https:\/\/ascherl.co.at\/wp-content\/uploads\/2019\/02\/MEDIArt_1706_123940-1024x682.jpg 1024w, https:\/\/ascherl.co.at\/wp-content\/uploads\/2019\/02\/MEDIArt_1706_123940-300x200.jpg 300w, https:\/\/ascherl.co.at\/wp-content\/uploads\/2019\/02\/MEDIArt_1706_123940-768x511.jpg 768w\" sizes=\"auto, (max-width: 1024px) 100vw, 1024px\" \/><figcaption class=\"wp-element-caption\">Landesrettungskommando Vorarlberg<\/figcaption><\/figure>\n\n\n\n<figure class=\"wp-block-image size-large\"><img loading=\"lazy\" decoding=\"async\" width=\"1024\" height=\"682\" data-id=\"148\" src=\"https:\/\/ascherl.co.at\/wp-content\/uploads\/2019\/02\/MEDIArt_1706_123949-1-1024x682.jpg\" alt=\"\" class=\"wp-image-148\" srcset=\"https:\/\/ascherl.co.at\/wp-content\/uploads\/2019\/02\/MEDIArt_1706_123949-1-1024x682.jpg 1024w, https:\/\/ascherl.co.at\/wp-content\/uploads\/2019\/02\/MEDIArt_1706_123949-1-300x200.jpg 300w, https:\/\/ascherl.co.at\/wp-content\/uploads\/2019\/02\/MEDIArt_1706_123949-1-768x511.jpg 768w\" sizes=\"auto, (max-width: 1024px) 100vw, 1024px\" \/><figcaption class=\"wp-element-caption\">Landesrettungskommando Vorarlberg<\/figcaption><\/figure>\n\n\n\n<figure class=\"wp-block-image size-large\"><img loading=\"lazy\" decoding=\"async\" width=\"1024\" height=\"683\" data-id=\"149\" src=\"https:\/\/ascherl.co.at\/wp-content\/uploads\/2019\/02\/MEDIArt_1706_123929-1-1024x683.jpg\" alt=\"\" class=\"wp-image-149\" srcset=\"https:\/\/ascherl.co.at\/wp-content\/uploads\/2019\/02\/MEDIArt_1706_123929-1-1024x683.jpg 1024w, https:\/\/ascherl.co.at\/wp-content\/uploads\/2019\/02\/MEDIArt_1706_123929-1-300x200.jpg 300w, https:\/\/ascherl.co.at\/wp-content\/uploads\/2019\/02\/MEDIArt_1706_123929-1-768x512.jpg 768w\" sizes=\"auto, (max-width: 1024px) 100vw, 1024px\" \/><figcaption class=\"wp-element-caption\">Landesrettungskommando Vorarlberg<\/figcaption><\/figure>\n\n\n\n<figure class=\"wp-block-image size-large\"><img loading=\"lazy\" decoding=\"async\" width=\"1024\" height=\"768\" data-id=\"189\" src=\"https:\/\/ascherl.co.at\/wp-content\/uploads\/2019\/02\/LRKdo-Stabsarbeit-1024x768.jpg\" alt=\"\" class=\"wp-image-189\" srcset=\"https:\/\/ascherl.co.at\/wp-content\/uploads\/2019\/02\/LRKdo-Stabsarbeit.jpg 1024w, https:\/\/ascherl.co.at\/wp-content\/uploads\/2019\/02\/LRKdo-Stabsarbeit-300x225.jpg 300w, https:\/\/ascherl.co.at\/wp-content\/uploads\/2019\/02\/LRKdo-Stabsarbeit-768x576.jpg 768w\" sizes=\"auto, (max-width: 1024px) 100vw, 1024px\" \/><figcaption class=\"wp-element-caption\">Landesrettungskommando Vorarlberg<\/figcaption><\/figure>\n\n\n\n<figure class=\"wp-block-image size-large\"><img loading=\"lazy\" decoding=\"async\" width=\"1024\" height=\"768\" data-id=\"188\" src=\"https:\/\/ascherl.co.at\/wp-content\/uploads\/2019\/02\/Dach-Klinik-Innsbruck-1024x768.jpg\" alt=\"\" class=\"wp-image-188\" srcset=\"https:\/\/ascherl.co.at\/wp-content\/uploads\/2019\/02\/Dach-Klinik-Innsbruck.jpg 1024w, https:\/\/ascherl.co.at\/wp-content\/uploads\/2019\/02\/Dach-Klinik-Innsbruck-300x225.jpg 300w, https:\/\/ascherl.co.at\/wp-content\/uploads\/2019\/02\/Dach-Klinik-Innsbruck-768x576.jpg 768w\" sizes=\"auto, (max-width: 1024px) 100vw, 1024px\" \/><figcaption class=\"wp-element-caption\">Mit dem RK-2 in Innsbruck<\/figcaption><\/figure>\n\n\n\n<figure class=\"wp-block-image size-large\"><img loading=\"lazy\" decoding=\"async\" width=\"768\" height=\"1024\" data-id=\"171\" src=\"https:\/\/ascherl.co.at\/wp-content\/uploads\/2019\/02\/Andreas-Ascherl-BK117-768x1024.jpg\" alt=\"\" class=\"wp-image-171\" srcset=\"https:\/\/ascherl.co.at\/wp-content\/uploads\/2019\/02\/Andreas-Ascherl-BK117.jpg 768w, https:\/\/ascherl.co.at\/wp-content\/uploads\/2019\/02\/Andreas-Ascherl-BK117-225x300.jpg 225w\" sizes=\"auto, (max-width: 768px) 100vw, 768px\" \/><figcaption class=\"wp-element-caption\">RK-2<\/figcaption><\/figure>\n<\/figure>\n","protected":false},"excerpt":{"rendered":"<p>Seit 2017 AMLS Advanced Medical Life Support bei NAEMT Seit 2010 Allgemein beeideter und gerichtlich zertifizierter Sachverst\u00e4ndiger f\u00fcr das Rettung- und Sanit\u00e4tswesen Seit 2004 S3-Einsatzf\u00fchrer im Landesrettungskommando Vorarlberg Seit 2004 Notfallsanit\u00e4ter mit allgemeiner Notfallkompetenz (NFS-NKV) Von 1999 bis 2007 t\u00e4tig&#8230; <\/p>\n","protected":false},"author":1,"featured_media":122,"parent":0,"menu_order":0,"comment_status":"closed","ping_status":"closed","template":"","meta":{"footnotes":""},"class_list":["post-34","page","type-page","status-publish","has-post-thumbnail","hentry"],"_links":{"self":[{"href":"https:\/\/ascherl.co.at\/index.php?rest_route=\/wp\/v2\/pages\/34","targetHints":{"allow":["GET"]}}],"collection":[{"href":"https:\/\/ascherl.co.at\/index.php?rest_route=\/wp\/v2\/pages"}],"about":[{"href":"https:\/\/ascherl.co.at\/index.php?rest_route=\/wp\/v2\/types\/page"}],"author":[{"embeddable":true,"href":"https:\/\/ascherl.co.at\/index.php?rest_route=\/wp\/v2\/users\/1"}],"replies":[{"embeddable":true,"href":"https:\/\/ascherl.co.at\/index.php?rest_route=%2Fwp%2Fv2%2Fcomments&post=34"}],"version-history":[{"count":35,"href":"https:\/\/ascherl.co.at\/index.php?rest_route=\/wp\/v2\/pages\/34\/revisions"}],"predecessor-version":[{"id":305,"href":"https:\/\/ascherl.co.at\/index.php?rest_route=\/wp\/v2\/pages\/34\/revisions\/305"}],"wp:featuredmedia":[{"embeddable":true,"href":"https:\/\/ascherl.co.at\/index.php?rest_route=\/wp\/v2\/media\/122"}],"wp:attachment":[{"href":"https:\/\/ascherl.co.at\/index.php?rest_route=%2Fwp%2Fv2%2Fmedia&parent=34"}],"curies":[{"name":"wp","href":"https:\/\/api.w.org\/{rel}","templated":true}]}}